{"id":331,"date":"2020-06-02T13:39:59","date_gmt":"2020-06-02T13:39:59","guid":{"rendered":"https:\/\/rightchallenge.org\/?page_id=331"},"modified":"2023-08-09T17:11:23","modified_gmt":"2023-08-09T16:11:23","slug":"real","status":"publish","type":"page","link":"https:\/\/rightchallenge.org\/en\/real\/","title":{"rendered":"REAL"},"content":{"rendered":"<p>[et_pb_section fb_built=&#8221;1&#8243; admin_label=&#8221;Header&#8221; _builder_version=&#8221;4.16&#8243; global_colors_info=&#8221;{}&#8221;][et_pb_row column_structure=&#8221;3_5,2_5&#8243; custom_padding_last_edited=&#8221;off|desktop&#8221; _builder_version=&#8221;4.16&#8243; background_enable_color=&#8221;off&#8221; custom_padding_tablet=&#8221;||30px||false|false&#8221; locked=&#8221;off&#8221; global_colors_info=&#8221;{}&#8221;][et_pb_column type=&#8221;3_5&#8243; _builder_version=&#8221;4.16&#8243; custom_padding_tablet=&#8221;||20px||false|false&#8221; custom_padding_phone=&#8221;&#8221; custom_padding_last_edited=&#8221;on|tablet&#8221; global_colors_info=&#8221;{}&#8221;][et_pb_image src=&#8221;https:\/\/rightchallenge.org\/wp-content\/uploads\/2020\/06\/46712025_350464439048442_1448622194685902848_o.jpg&#8221; title_text=&#8221;46712025_350464439048442_1448622194685902848_o&#8221; align=&#8221;center&#8221; _builder_version=&#8221;4.16&#8243; width=&#8221;49%&#8221; global_colors_info=&#8221;{}&#8221;][\/et_pb_image][et_pb_text _builder_version=&#8221;4.21.0&#8243; text_font=&#8221;PT Sans||||||||&#8221; text_text_color=&#8221;#000000&#8243; text_font_size=&#8221;14px&#8221; text_line_height=&#8221;1.9em&#8221; global_colors_info=&#8221;{}&#8221;]<\/p>\n<p style=\"text-align: justify;\">O projeto <strong>&#8220;Reserve A Lane For The Disabled&#8221;<\/strong> tem como objetivo <strong>ensinar nata\u00e7\u00e3o aos alunos com defici\u00eancia f\u00edsica<\/strong> com idades compreendidas entre os 16-25 anos.<\/p>\n<p style=\"text-align: justify;\">Cada pa\u00eds parceiro teve a possibilidade de escolher 6 pessoas (3 homens, 3 mulheres) com defici\u00eancia f\u00edsica e opcionalmente com uma classifica\u00e7\u00e3o entre S10-S5. Desta forma, a autoconfian\u00e7a nos ateltas aumentou e as rela\u00e7\u00f5es com a sociedade tamb\u00e9m se tornaram mais fortes.<\/p>\n<p style=\"text-align: justify;\">Outro objetivo deste projeto \u00e9 ajudar os jovens com defici\u00eancias a adquirir novas compet\u00eancias, bem como diminuir o seu desinteresse pela modalidade. O projeto tamb\u00e9m promoveu a <strong>diminui\u00e7\u00e3o o preconceito<\/strong> contra as pessoas com defici\u00eancias, <strong>aumentou a comunica\u00e7\u00e3o cultural<\/strong> e os participantes <strong>beneficiaram da rela\u00e7\u00e3o e comunica\u00e7\u00e3o entre as outras pessoas.<\/strong> Para al\u00e9m disso, deu oportunidade de formar uma nova vis\u00e3o mais positiva para as pessoas com defici\u00eancia, permitindo-lhes adquirir novas compet\u00eancias e <strong>fazer-lhes sentir que fazem parte da sociedade.<\/strong><\/p>\n<p style=\"text-align: justify;\">Os pr\u00f3prios nadadores com defici\u00eancias afirmam que se tornaram mais populares entre os seus amigos, s\u00e3o muito mais felizes e t\u00eam agora mais confian\u00e7a em si pr\u00f3prios gra\u00e7as \u00e0 nata\u00e7\u00e3o.<\/p>\n<p style=\"text-align: justify;\"><span style=\"color: #000000;\"><strong>Este projeto \u00e9 apoiado no \u00e2mbito do programa europeu Erasmus+ <br \/><\/strong><\/span><\/p>\n<p style=\"text-align: justify;\">\n<p style=\"text-align: justify;\">[\/et_pb_text][\/et_pb_column][et_pb_column type=&#8221;2_5&#8243; _builder_version=&#8221;4.16&#8243; background_color=&#8221;#ffffff&#8221; custom_padding=&#8221;50px|40px|60px|40px|false|true&#8221; custom_padding_tablet=&#8221;|50px||50px|false|true&#8221; custom_padding_phone=&#8221;&#8221; custom_padding_last_edited=&#8221;on|tablet&#8221; border_radii=&#8221;on|10px|10px|10px|10px&#8221; box_shadow_style=&#8221;preset1&#8243; box_shadow_color=&#8221;rgba(12,113,195,0.13)&#8221; global_colors_info=&#8221;{}&#8221;][et_pb_image src=&#8221;https:\/\/rightchallenge.org\/wp-content\/uploads\/2023\/07\/PT_Co-fundedbytheEU_RGB_POS.png&#8221; title_text=&#8221;PT_Co-fundedbytheEU_RGB_POS&#8221; align=&#8221;center&#8221; _builder_version=&#8221;4.21.2&#8243; max_width=&#8221;70%&#8221; hover_enabled=&#8221;0&#8243; global_colors_info=&#8221;{}&#8221; sticky_enabled=&#8221;0&#8243;][\/et_pb_image][et_pb_text _builder_version=&#8221;4.16&#8243; custom_margin=&#8221;||13px|||&#8221; custom_padding=&#8221;16px|||||&#8221; global_colors_info=&#8221;{}&#8221;]<\/p>\n<h3 style=\"text-align: center;\">Parceiros<\/h3>\n<p>[\/et_pb_text][et_pb_blurb title=&#8221;SULEYMAN DEMIREL UNIVERSITY&#8221; url=&#8221;http:\/\/w3.sdu.edu.tr\/&#8221; url_new_window=&#8221;on&#8221; image=&#8221;https:\/\/rightchallenge.org\/wp-content\/uploads\/2020\/06\/turkey.png&#8221; icon_placement=&#8221;left&#8221; content_max_width=&#8221;800px&#8221; _builder_version=&#8221;4.21.0&#8243; header_font=&#8221;PT Sans||||||||&#8221; header_text_color=&#8221;#2a3749&#8243; header_font_size=&#8221;14px&#8221; header_line_height=&#8221;1.9em&#8221; locked=&#8221;off&#8221; global_colors_info=&#8221;{}&#8221;][\/et_pb_blurb][et_pb_blurb title=&#8221;Isparta Genclik Hizmetleri ve Spor Il Mudurlugu&#8221; url=&#8221;http:\/\/isparta.gsb.gov.tr&#8221; url_new_window=&#8221;on&#8221; image=&#8221;https:\/\/rightchallenge.org\/wp-content\/uploads\/2020\/06\/turkey.png&#8221; icon_placement=&#8221;left&#8221; content_max_width=&#8221;800px&#8221; _builder_version=&#8221;4.21.0&#8243; header_font=&#8221;PT Sans||||||||&#8221; header_text_color=&#8221;#2a3749&#8243; header_font_size=&#8221;14px&#8221; header_line_height=&#8221;1.9em&#8221; locked=&#8221;off&#8221; global_colors_info=&#8221;{}&#8221;][\/et_pb_blurb][et_pb_blurb title=&#8221;ASOCIATIA ESPERANDO&#8221; url=&#8221;http:\/\/www.esperando.ro&#8221; url_new_window=&#8221;on&#8221; image=&#8221;https:\/\/rightchallenge.org\/wp-content\/uploads\/2020\/06\/romania.png&#8221; icon_placement=&#8221;left&#8221; content_max_width=&#8221;800px&#8221; _builder_version=&#8221;4.21.0&#8243; header_font=&#8221;PT Sans||||||||&#8221; header_text_align=&#8221;justify&#8221; header_text_color=&#8221;#2a3749&#8243; header_font_size=&#8221;14px&#8221; header_line_height=&#8221;1.9em&#8221; locked=&#8221;off&#8221; global_colors_info=&#8221;{}&#8221;][\/et_pb_blurb][et_pb_blurb title=&#8221;Akademia Humanistyczno-Ekonomiczna w Lodzi&#8221; url=&#8221;http:\/\/www.ahe.lodz.pl&#8221; url_new_window=&#8221;on&#8221; image=&#8221;https:\/\/rightchallenge.org\/wp-content\/uploads\/2020\/03\/plflag-2.png&#8221; icon_placement=&#8221;left&#8221; content_max_width=&#8221;800px&#8221; _builder_version=&#8221;4.21.0&#8243; header_font=&#8221;PT Sans||||||||&#8221; header_text_align=&#8221;justify&#8221; header_text_color=&#8221;#2a3749&#8243; header_font_size=&#8221;14px&#8221; header_line_height=&#8221;1.9em&#8221; locked=&#8221;off&#8221; global_colors_info=&#8221;{}&#8221;][\/et_pb_blurb][et_pb_blurb title=&#8221;FUNDACION UNIVERSITARIA SAN ANTONIO&#8221; url=&#8221;http:\/\/www.ucam.edu&#8221; url_new_window=&#8221;on&#8221; image=&#8221;https:\/\/rightchallenge.org\/wp-content\/uploads\/2020\/06\/spain.png&#8221; icon_placement=&#8221;left&#8221; content_max_width=&#8221;800px&#8221; _builder_version=&#8221;4.21.0&#8243; header_font=&#8221;PT Sans||||||||&#8221; header_text_align=&#8221;justify&#8221; header_text_color=&#8221;#2a3749&#8243; header_font_size=&#8221;14px&#8221; header_line_height=&#8221;1.9em&#8221; locked=&#8221;off&#8221; global_colors_info=&#8221;{}&#8221;][\/et_pb_blurb][et_pb_blurb title=&#8221;Website&#8221; url=&#8221;https:\/\/projeler.sdu.edu.tr\/realerasmuswim\/&#8221; url_new_window=&#8221;on&#8221; image=&#8221;https:\/\/rightchallenge.org\/wp-content\/uploads\/2023\/07\/Design-sem-nome-1.png&#8221; icon_placement=&#8221;left&#8221; content_max_width=&#8221;800px&#8221; _builder_version=&#8221;4.21.2&#8243; header_font=&#8221;|700|||||||&#8221; header_text_align=&#8221;left&#8221; header_text_color=&#8221;#0C71C3&#8243; header_font_size=&#8221;18px&#8221; header_line_height=&#8221;1.9em&#8221; body_font=&#8221;|700|||||||&#8221; custom_margin=&#8221;|||77px|false|false&#8221; custom_padding=&#8221;|||10px|false|false&#8221; hover_enabled=&#8221;0&#8243; locked=&#8221;off&#8221; global_colors_info=&#8221;{}&#8221; theme_builder_area=&#8221;post_content&#8221; link_option_url_new_window=&#8221;on&#8221; sticky_enabled=&#8221;0&#8243;][\/et_pb_blurb][et_pb_blurb title=&#8221;Facebook&#8221; url=&#8221;https:\/\/www.facebook.com\/realerasmuswim&#8221; url_new_window=&#8221;on&#8221; image=&#8221;https:\/\/rightchallenge.org\/wp-content\/uploads\/2023\/07\/5968764.png&#8221; icon_placement=&#8221;left&#8221; content_max_width=&#8221;800px&#8221; _builder_version=&#8221;4.21.2&#8243; header_font=&#8221;|700|||||||&#8221; header_text_align=&#8221;left&#8221; header_text_color=&#8221;#0C71C3&#8243; header_font_size=&#8221;18px&#8221; header_line_height=&#8221;1.9em&#8221; body_font=&#8221;|700|||||||&#8221; custom_margin=&#8221;-20px|88px||88px|false|true&#8221; hover_enabled=&#8221;0&#8243; locked=&#8221;off&#8221; global_colors_info=&#8221;{}&#8221; theme_builder_area=&#8221;post_content&#8221; link_option_url_new_window=&#8221;on&#8221; sticky_enabled=&#8221;0&#8243;][\/et_pb_blurb][\/et_pb_column][\/et_pb_row][\/et_pb_section][et_pb_section fb_built=&#8221;1&#8243; _builder_version=&#8221;4.21.0&#8243; _module_preset=&#8221;default&#8221; global_colors_info=&#8221;{}&#8221;][\/et_pb_section]<\/p>\n","protected":false},"excerpt":{"rendered":"<p>O projeto &#8220;Reserve A Lane For The Disabled&#8221; tem como objetivo ensinar nata\u00e7\u00e3o aos alunos com defici\u00eancia f\u00edsica com idades compreendidas entre os 16-25 anos. Cada pa\u00eds parceiro teve a possibilidade de escolher 6 pessoas (3 homens, 3 mulheres) com defici\u00eancia f\u00edsica e opcionalmente com uma classifica\u00e7\u00e3o entre S10-S5. Desta forma, a autoconfian\u00e7a nos ateltas [&hellip;]<\/p>\n","protected":false},"author":2,"featured_media":0,"parent":0,"menu_order":0,"comment_status":"closed","ping_status":"closed","template":"","meta":{"_et_pb_use_builder":"on","_et_pb_old_content":"","_et_gb_content_width":"","_monsterinsights_skip_tracking":false,"_monsterinsights_sitenote_active":false,"_monsterinsights_sitenote_note":"","_monsterinsights_sitenote_category":0,"footnotes":""},"class_list":["post-331","page","type-page","status-publish","hentry"],"yoast_head":"<!-- This site is optimized with the Yoast SEO plugin v27.5 - https:\/\/yoast.com\/product\/yoast-seo-wordpress\/ -->\n<title>REAL - Rightchallenge<\/title>\n<meta name=\"robots\" content=\"index, follow, max-snippet:-1, max-image-preview:large, max-video-preview:-1\" \/>\n<link rel=\"canonical\" href=\"https:\/\/rightchallenge.org\/en\/real\/\" \/>\n<meta property=\"og:locale\" content=\"en_GB\" \/>\n<meta property=\"og:type\" content=\"article\" \/>\n<meta property=\"og:title\" content=\"REAL - Rightchallenge\" \/>\n<meta property=\"og:description\" content=\"O projeto &quot;Reserve A Lane For The Disabled&quot; tem como objetivo ensinar nata\u00e7\u00e3o aos alunos com defici\u00eancia f\u00edsica com idades compreendidas entre os 16-25 anos. Cada pa\u00eds parceiro teve a possibilidade de escolher 6 pessoas (3 homens, 3 mulheres) com defici\u00eancia f\u00edsica e opcionalmente com uma classifica\u00e7\u00e3o entre S10-S5. Desta forma, a autoconfian\u00e7a nos ateltas [&hellip;]\" \/>\n<meta property=\"og:url\" content=\"https:\/\/rightchallenge.org\/en\/real\/\" \/>\n<meta property=\"og:site_name\" content=\"Rightchallenge\" \/>\n<meta property=\"article:modified_time\" content=\"2023-08-09T16:11:23+00:00\" \/>\n<meta name=\"twitter:card\" content=\"summary_large_image\" \/>\n<meta name=\"twitter:label1\" content=\"Estimated reading time\" \/>\n\t<meta name=\"twitter:data1\" content=\"5 minutes\" \/>\n<script type=\"application\/ld+json\" class=\"yoast-schema-graph\">{\"@context\":\"https:\\\/\\\/schema.org\",\"@graph\":[{\"@type\":\"WebPage\",\"@id\":\"https:\\\/\\\/rightchallenge.org\\\/real\\\/\",\"url\":\"https:\\\/\\\/rightchallenge.org\\\/real\\\/\",\"name\":\"REAL - Rightchallenge\",\"isPartOf\":{\"@id\":\"https:\\\/\\\/rightchallenge.org\\\/#website\"},\"datePublished\":\"2020-06-02T13:39:59+00:00\",\"dateModified\":\"2023-08-09T16:11:23+00:00\",\"breadcrumb\":{\"@id\":\"https:\\\/\\\/rightchallenge.org\\\/real\\\/#breadcrumb\"},\"inLanguage\":\"en-GB\",\"potentialAction\":[{\"@type\":\"ReadAction\",\"target\":[\"https:\\\/\\\/rightchallenge.org\\\/real\\\/\"]}]},{\"@type\":\"BreadcrumbList\",\"@id\":\"https:\\\/\\\/rightchallenge.org\\\/real\\\/#breadcrumb\",\"itemListElement\":[{\"@type\":\"ListItem\",\"position\":1,\"name\":\"In\u00edcio\",\"item\":\"https:\\\/\\\/rightchallenge.org\\\/\"},{\"@type\":\"ListItem\",\"position\":2,\"name\":\"REAL\"}]},{\"@type\":\"WebSite\",\"@id\":\"https:\\\/\\\/rightchallenge.org\\\/#website\",\"url\":\"https:\\\/\\\/rightchallenge.org\\\/\",\"name\":\"Rightchallenge\",\"description\":\"Associa\u00e7\u00e3o\",\"potentialAction\":[{\"@type\":\"SearchAction\",\"target\":{\"@type\":\"EntryPoint\",\"urlTemplate\":\"https:\\\/\\\/rightchallenge.org\\\/?s={search_term_string}\"},\"query-input\":{\"@type\":\"PropertyValueSpecification\",\"valueRequired\":true,\"valueName\":\"search_term_string\"}}],\"inLanguage\":\"en-GB\"}]}<\/script>\n<!-- \/ Yoast SEO plugin. -->","yoast_head_json":{"title":"REAL - Rightchallenge","robots":{"index":"index","follow":"follow","max-snippet":"max-snippet:-1","max-image-preview":"max-image-preview:large","max-video-preview":"max-video-preview:-1"},"canonical":"https:\/\/rightchallenge.org\/en\/real\/","og_locale":"en_GB","og_type":"article","og_title":"REAL - Rightchallenge","og_description":"O projeto \"Reserve A Lane For The Disabled\" tem como objetivo ensinar nata\u00e7\u00e3o aos alunos com defici\u00eancia f\u00edsica com idades compreendidas entre os 16-25 anos. Cada pa\u00eds parceiro teve a possibilidade de escolher 6 pessoas (3 homens, 3 mulheres) com defici\u00eancia f\u00edsica e opcionalmente com uma classifica\u00e7\u00e3o entre S10-S5. Desta forma, a autoconfian\u00e7a nos ateltas [&hellip;]","og_url":"https:\/\/rightchallenge.org\/en\/real\/","og_site_name":"Rightchallenge","article_modified_time":"2023-08-09T16:11:23+00:00","twitter_card":"summary_large_image","twitter_misc":{"Estimated reading time":"5 minutes"},"schema":{"@context":"https:\/\/schema.org","@graph":[{"@type":"WebPage","@id":"https:\/\/rightchallenge.org\/real\/","url":"https:\/\/rightchallenge.org\/real\/","name":"REAL - Rightchallenge","isPartOf":{"@id":"https:\/\/rightchallenge.org\/#website"},"datePublished":"2020-06-02T13:39:59+00:00","dateModified":"2023-08-09T16:11:23+00:00","breadcrumb":{"@id":"https:\/\/rightchallenge.org\/real\/#breadcrumb"},"inLanguage":"en-GB","potentialAction":[{"@type":"ReadAction","target":["https:\/\/rightchallenge.org\/real\/"]}]},{"@type":"BreadcrumbList","@id":"https:\/\/rightchallenge.org\/real\/#breadcrumb","itemListElement":[{"@type":"ListItem","position":1,"name":"In\u00edcio","item":"https:\/\/rightchallenge.org\/"},{"@type":"ListItem","position":2,"name":"REAL"}]},{"@type":"WebSite","@id":"https:\/\/rightchallenge.org\/#website","url":"https:\/\/rightchallenge.org\/","name":"Rightchallenge","description":"Associa\u00e7\u00e3o","potentialAction":[{"@type":"SearchAction","target":{"@type":"EntryPoint","urlTemplate":"https:\/\/rightchallenge.org\/?s={search_term_string}"},"query-input":{"@type":"PropertyValueSpecification","valueRequired":true,"valueName":"search_term_string"}}],"inLanguage":"en-GB"}]}},"_links":{"self":[{"href":"https:\/\/rightchallenge.org\/en\/wp-json\/wp\/v2\/pages\/331","targetHints":{"allow":["GET"]}}],"collection":[{"href":"https:\/\/rightchallenge.org\/en\/wp-json\/wp\/v2\/pages"}],"about":[{"href":"https:\/\/rightchallenge.org\/en\/wp-json\/wp\/v2\/types\/page"}],"author":[{"embeddable":true,"href":"https:\/\/rightchallenge.org\/en\/wp-json\/wp\/v2\/users\/2"}],"replies":[{"embeddable":true,"href":"https:\/\/rightchallenge.org\/en\/wp-json\/wp\/v2\/comments?post=331"}],"version-history":[{"count":14,"href":"https:\/\/rightchallenge.org\/en\/wp-json\/wp\/v2\/pages\/331\/revisions"}],"predecessor-version":[{"id":3439,"href":"https:\/\/rightchallenge.org\/en\/wp-json\/wp\/v2\/pages\/331\/revisions\/3439"}],"wp:attachment":[{"href":"https:\/\/rightchallenge.org\/en\/wp-json\/wp\/v2\/media?parent=331"}],"curies":[{"name":"wp","href":"https:\/\/api.w.org\/{rel}","templated":true}]}}