{"id":2944,"date":"2023-06-26T12:30:13","date_gmt":"2023-06-26T11:30:13","guid":{"rendered":"https:\/\/rightchallenge.org\/?page_id=2944"},"modified":"2023-08-09T16:09:13","modified_gmt":"2023-08-09T15:09:13","slug":"advocate4environment","status":"publish","type":"page","link":"https:\/\/rightchallenge.org\/en\/advocate4environment\/","title":{"rendered":"Advocate 4 Environment"},"content":{"rendered":"<p>[et_pb_section fb_built=&#8221;1&#8243; admin_label=&#8221;Header&#8221; _builder_version=&#8221;4.16&#8243; global_colors_info=&#8221;{}&#8221;][et_pb_row column_structure=&#8221;3_5,2_5&#8243; custom_padding_last_edited=&#8221;off|desktop&#8221; _builder_version=&#8221;4.16&#8243; background_enable_color=&#8221;off&#8221; custom_padding_tablet=&#8221;||30px||false|false&#8221; locked=&#8221;off&#8221; global_colors_info=&#8221;{}&#8221;][et_pb_column type=&#8221;3_5&#8243; _builder_version=&#8221;4.16&#8243; custom_padding_tablet=&#8221;||20px||false|false&#8221; custom_padding_phone=&#8221;&#8221; custom_padding_last_edited=&#8221;on|tablet&#8221; global_colors_info=&#8221;{}&#8221;][et_pb_image src=&#8221;https:\/\/rightchallenge.org\/wp-content\/uploads\/2021\/02\/A4E.jpg&#8221; title_text=&#8221;A4E&#8221; align=&#8221;center&#8221; _builder_version=&#8221;4.16&#8243; width=&#8221;49%&#8221; global_colors_info=&#8221;{}&#8221;][\/et_pb_image][et_pb_text _builder_version=&#8221;4.21.2&#8243; text_font=&#8221;PT Sans||||||||&#8221; text_text_color=&#8221;#000000&#8243; text_font_size=&#8221;14px&#8221; text_line_height=&#8221;1.9em&#8221; global_colors_info=&#8221;{}&#8221;]<\/p>\n<p style=\"text-align: justify;\">O projeto <strong>&#8220;Advocate4Environment&#8221;<\/strong> visa promover a <strong>participa\u00e7\u00e3o dos jovens no trabalho volunt\u00e1rio e na defesa de quest\u00f5es ambientais.<\/strong> O projeto pretende atingir este objetivo atrav\u00e9s do desenvolvimento de materiais did\u00e1cticos que (a) d\u00e3o uma vis\u00e3o da hist\u00f3ria da defesa do ambiente e (b) fornecem aos jovens fontes de inspira\u00e7\u00e3o e ferramentas para desenvolver novas formas de defesa.<\/p>\n<p style=\"text-align: justify;\">O projeto prop\u00f5e uma estrutura inovadora e envolvente para aumentar a sensibiliza\u00e7\u00e3o para os desafios ambientais &#8211; particularmente entre os setores mais jovens da sociedade. Atrav\u00e9s da educa\u00e7\u00e3o para a prote\u00e7\u00e3o do ambiente e o desenvolvimento sustent\u00e1vel, o projeto pretende promover o envolvimento c\u00edvico dos jovens nestas quest\u00f5es, atrav\u00e9s de uma defesa respons\u00e1vel.<\/p>\n<p style=\"text-align: justify;\">Embora o foco inicial do projeto seja dirigido aos jovens que pretendem tornar-se defensores do ambiente, os parceiros est\u00e3o convencidos de que os recursos desenvolvidos s\u00e3o ben\u00e9ficos para qualquer jovem que pretenda desenvolver uma mentalidade de defesa com impacto social. Para al\u00e9m dos resultados imediatos do projeto, a parceria procura desenvolver compet\u00eancias-chave nos jovens que podem ser expandidas para al\u00e9m do tema imediato da defesa do ambiente. Ao capacitar os jovens e dar-lhes as ferramentas para se tornarem defensores ativos, tamb\u00e9m os equipamos com as compet\u00eancias para criar e divulgar as suas cria\u00e7\u00f5es atrav\u00e9s de comunica\u00e7\u00f5es eficazes.<\/p>\n<p style=\"text-align: justify;\"><span style=\"color: #000000;\"><strong>Este projeto \u00e9 apoiado no \u00e2mbito do programa europeu Erasmus+<\/strong><\/span><\/p>\n<p>[\/et_pb_text][\/et_pb_column][et_pb_column type=&#8221;2_5&#8243; _builder_version=&#8221;4.16&#8243; background_color=&#8221;#ffffff&#8221; custom_padding=&#8221;50px|40px|60px|40px|false|true&#8221; custom_padding_tablet=&#8221;|50px||50px|false|true&#8221; custom_padding_phone=&#8221;&#8221; custom_padding_last_edited=&#8221;on|tablet&#8221; border_radii=&#8221;on|10px|10px|10px|10px&#8221; box_shadow_style=&#8221;preset1&#8243; box_shadow_color=&#8221;rgba(12,113,195,0.13)&#8221; global_colors_info=&#8221;{}&#8221;][et_pb_image src=&#8221;https:\/\/rightchallenge.org\/wp-content\/uploads\/2023\/07\/PT_Co-fundedbytheEU_RGB_POS.png&#8221; title_text=&#8221;PT_Co-fundedbytheEU_RGB_POS&#8221; align=&#8221;center&#8221; _builder_version=&#8221;4.21.2&#8243; max_width=&#8221;70%&#8221; hover_enabled=&#8221;0&#8243; global_colors_info=&#8221;{}&#8221; sticky_enabled=&#8221;0&#8243;][\/et_pb_image][et_pb_text _builder_version=&#8221;4.16&#8243; custom_margin=&#8221;||13px|||&#8221; custom_padding=&#8221;16px|||||&#8221; global_colors_info=&#8221;{}&#8221;]<\/p>\n<h3 style=\"text-align: center;\">Parceiros<\/h3>\n<p>[\/et_pb_text][et_pb_blurb title=&#8221;Gr\u00f8nt Forum\/Vejle Kommune &#8221; url_new_window=&#8221;on&#8221; image=&#8221;https:\/\/rightchallenge.org\/wp-content\/uploads\/2020\/05\/denmark.png&#8221; icon_placement=&#8221;left&#8221; content_max_width=&#8221;800px&#8221; _builder_version=&#8221;4.21.2&#8243; header_font=&#8221;PT Sans||||||||&#8221; header_text_color=&#8221;#000000&#8243; header_font_size=&#8221;14px&#8221; header_line_height=&#8221;1.9em&#8221; locked=&#8221;off&#8221; global_colors_info=&#8221;{}&#8221;][\/et_pb_blurb][et_pb_blurb title=&#8221;FUTURE IN PERSPECTIVE LIMITED&#8221; url=&#8221;http:\/\/www.fipl.eu&#8221; url_new_window=&#8221;on&#8221; image=&#8221;https:\/\/rightchallenge.org\/wp-content\/uploads\/2020\/03\/ireland.png&#8221; icon_placement=&#8221;left&#8221; content_max_width=&#8221;800px&#8221; _builder_version=&#8221;4.21.2&#8243; header_font=&#8221;PT Sans||||||||&#8221; header_text_color=&#8221;#000000&#8243; header_font_size=&#8221;14px&#8221; header_line_height=&#8221;1.9em&#8221; locked=&#8221;off&#8221; global_colors_info=&#8221;{}&#8221;][\/et_pb_blurb][et_pb_blurb title=&#8221;Association for Developing Voluntary Work Novo mesto &#8221; url=&#8221;http:\/\/www.nevladnik.info\/si\/&#8221; url_new_window=&#8221;on&#8221; image=&#8221;https:\/\/rightchallenge.org\/wp-content\/uploads\/2020\/06\/slovenia.png&#8221; icon_placement=&#8221;left&#8221; content_max_width=&#8221;800px&#8221; _builder_version=&#8221;4.21.2&#8243; header_font=&#8221;PT Sans||||||||&#8221; header_text_color=&#8221;#000000&#8243; header_font_size=&#8221;14px&#8221; header_line_height=&#8221;1.9em&#8221; locked=&#8221;off&#8221; global_colors_info=&#8221;{}&#8221;][\/et_pb_blurb][et_pb_blurb title=&#8221;Region \u00d6rebro County &#8221; url=&#8221;http:\/\/utveckling.regionorebrolan.se\/sv\/energikontoret\/&#8221; url_new_window=&#8221;on&#8221; image=&#8221;https:\/\/rightchallenge.org\/wp-content\/uploads\/2020\/06\/sweden.png&#8221; icon_placement=&#8221;left&#8221; content_max_width=&#8221;800px&#8221; _builder_version=&#8221;4.21.2&#8243; header_font=&#8221;PT Sans||||||||&#8221; header_text_color=&#8221;#000000&#8243; header_font_size=&#8221;14px&#8221; header_line_height=&#8221;1.9em&#8221; locked=&#8221;off&#8221; global_colors_info=&#8221;{}&#8221;][\/et_pb_blurb][et_pb_blurb title=&#8221;Website&#8221; url=&#8221;https:\/\/advocate4environment.vejle.dk&#8221; url_new_window=&#8221;on&#8221; image=&#8221;https:\/\/rightchallenge.org\/wp-content\/uploads\/2023\/07\/Design-sem-nome-1.png&#8221; icon_placement=&#8221;left&#8221; content_max_width=&#8221;800px&#8221; _builder_version=&#8221;4.21.2&#8243; header_font=&#8221;|700|||||||&#8221; header_text_align=&#8221;left&#8221; header_text_color=&#8221;#0C71C3&#8243; header_font_size=&#8221;18px&#8221; header_line_height=&#8221;1.9em&#8221; body_font=&#8221;|700|||||||&#8221; custom_margin=&#8221;|||77px|false|false&#8221; custom_padding=&#8221;|||10px|false|false&#8221; hover_enabled=&#8221;0&#8243; locked=&#8221;off&#8221; global_colors_info=&#8221;{}&#8221; theme_builder_area=&#8221;post_content&#8221; link_option_url_new_window=&#8221;on&#8221; sticky_enabled=&#8221;0&#8243;][\/et_pb_blurb][et_pb_blurb title=&#8221;Facebook&#8221; url=&#8221;https:\/\/www.facebook.com\/Advocate4EnvironmentProject&#8221; url_new_window=&#8221;on&#8221; image=&#8221;https:\/\/rightchallenge.org\/wp-content\/uploads\/2023\/07\/5968764.png&#8221; icon_placement=&#8221;left&#8221; content_max_width=&#8221;800px&#8221; _builder_version=&#8221;4.21.2&#8243; header_font=&#8221;|700|||||||&#8221; header_text_align=&#8221;left&#8221; header_text_color=&#8221;#0C71C3&#8243; header_font_size=&#8221;18px&#8221; header_line_height=&#8221;1.9em&#8221; body_font=&#8221;|700|||||||&#8221; custom_margin=&#8221;-20px|88px||88px|false|true&#8221; hover_enabled=&#8221;0&#8243; locked=&#8221;off&#8221; global_colors_info=&#8221;{}&#8221; theme_builder_area=&#8221;post_content&#8221; link_option_url_new_window=&#8221;on&#8221; sticky_enabled=&#8221;0&#8243;][\/et_pb_blurb][\/et_pb_column][\/et_pb_row][\/et_pb_section][et_pb_section fb_built=&#8221;1&#8243; custom_padding_last_edited=&#8221;on|tablet&#8221; admin_label=&#8221;Services&#8221; _builder_version=&#8221;4.16&#8243; background_image=&#8221;http:\/\/13.79.159.165\/wp-content\/uploads\/2020\/03\/img-02-1.png&#8221; background_size=&#8221;initial&#8221; custom_padding=&#8221;20px||20px||true|&#8221; custom_padding_tablet=&#8221;40px||40px||true|false&#8221; custom_padding_phone=&#8221;&#8221; locked=&#8221;off&#8221; global_colors_info=&#8221;{}&#8221;][\/et_pb_section]<\/p>\n","protected":false},"excerpt":{"rendered":"<p>O projeto &#8220;Advocate4Environment&#8221; visa promover a participa\u00e7\u00e3o dos jovens no trabalho volunt\u00e1rio e na defesa de quest\u00f5es ambientais. O projeto pretende atingir este objetivo atrav\u00e9s do desenvolvimento de materiais did\u00e1cticos que (a) d\u00e3o uma vis\u00e3o da hist\u00f3ria da defesa do ambiente e (b) fornecem aos jovens fontes de inspira\u00e7\u00e3o e ferramentas para desenvolver novas formas [&hellip;]<\/p>\n","protected":false},"author":2,"featured_media":0,"parent":0,"menu_order":0,"comment_status":"closed","ping_status":"closed","template":"","meta":{"_et_pb_use_builder":"on","_et_pb_old_content":"","_et_gb_content_width":"","_monsterinsights_skip_tracking":false,"_monsterinsights_sitenote_active":false,"_monsterinsights_sitenote_note":"","_monsterinsights_sitenote_category":0,"footnotes":""},"class_list":["post-2944","page","type-page","status-publish","hentry"],"yoast_head":"<!-- This site is optimized with the Yoast SEO plugin v27.5 - https:\/\/yoast.com\/product\/yoast-seo-wordpress\/ -->\n<title>Advocate 4 Environment - Rightchallenge<\/title>\n<meta name=\"robots\" content=\"index, follow, max-snippet:-1, max-image-preview:large, max-video-preview:-1\" \/>\n<link rel=\"canonical\" href=\"https:\/\/rightchallenge.org\/en\/advocate4environment\/\" \/>\n<meta property=\"og:locale\" content=\"en_GB\" \/>\n<meta property=\"og:type\" content=\"article\" \/>\n<meta property=\"og:title\" content=\"Advocate 4 Environment - Rightchallenge\" \/>\n<meta property=\"og:description\" content=\"O projeto &quot;Advocate4Environment&quot; visa promover a participa\u00e7\u00e3o dos jovens no trabalho volunt\u00e1rio e na defesa de quest\u00f5es ambientais. O projeto pretende atingir este objetivo atrav\u00e9s do desenvolvimento de materiais did\u00e1cticos que (a) d\u00e3o uma vis\u00e3o da hist\u00f3ria da defesa do ambiente e (b) fornecem aos jovens fontes de inspira\u00e7\u00e3o e ferramentas para desenvolver novas formas [&hellip;]\" \/>\n<meta property=\"og:url\" content=\"https:\/\/rightchallenge.org\/en\/advocate4environment\/\" \/>\n<meta property=\"og:site_name\" content=\"Rightchallenge\" \/>\n<meta property=\"article:modified_time\" content=\"2023-08-09T15:09:13+00:00\" \/>\n<meta name=\"twitter:card\" content=\"summary_large_image\" \/>\n<meta name=\"twitter:label1\" content=\"Estimated reading time\" \/>\n\t<meta name=\"twitter:data1\" content=\"2 minutes\" \/>\n<script type=\"application\/ld+json\" class=\"yoast-schema-graph\">{\"@context\":\"https:\\\/\\\/schema.org\",\"@graph\":[{\"@type\":\"WebPage\",\"@id\":\"https:\\\/\\\/rightchallenge.org\\\/advocate4environment\\\/\",\"url\":\"https:\\\/\\\/rightchallenge.org\\\/advocate4environment\\\/\",\"name\":\"Advocate 4 Environment - Rightchallenge\",\"isPartOf\":{\"@id\":\"https:\\\/\\\/rightchallenge.org\\\/#website\"},\"datePublished\":\"2023-06-26T11:30:13+00:00\",\"dateModified\":\"2023-08-09T15:09:13+00:00\",\"breadcrumb\":{\"@id\":\"https:\\\/\\\/rightchallenge.org\\\/advocate4environment\\\/#breadcrumb\"},\"inLanguage\":\"en-GB\",\"potentialAction\":[{\"@type\":\"ReadAction\",\"target\":[\"https:\\\/\\\/rightchallenge.org\\\/advocate4environment\\\/\"]}]},{\"@type\":\"BreadcrumbList\",\"@id\":\"https:\\\/\\\/rightchallenge.org\\\/advocate4environment\\\/#breadcrumb\",\"itemListElement\":[{\"@type\":\"ListItem\",\"position\":1,\"name\":\"In\u00edcio\",\"item\":\"https:\\\/\\\/rightchallenge.org\\\/\"},{\"@type\":\"ListItem\",\"position\":2,\"name\":\"Advocate 4 Environment\"}]},{\"@type\":\"WebSite\",\"@id\":\"https:\\\/\\\/rightchallenge.org\\\/#website\",\"url\":\"https:\\\/\\\/rightchallenge.org\\\/\",\"name\":\"Rightchallenge\",\"description\":\"Associa\u00e7\u00e3o\",\"potentialAction\":[{\"@type\":\"SearchAction\",\"target\":{\"@type\":\"EntryPoint\",\"urlTemplate\":\"https:\\\/\\\/rightchallenge.org\\\/?s={search_term_string}\"},\"query-input\":{\"@type\":\"PropertyValueSpecification\",\"valueRequired\":true,\"valueName\":\"search_term_string\"}}],\"inLanguage\":\"en-GB\"}]}<\/script>\n<!-- \/ Yoast SEO plugin. -->","yoast_head_json":{"title":"Advocate 4 Environment - Rightchallenge","robots":{"index":"index","follow":"follow","max-snippet":"max-snippet:-1","max-image-preview":"max-image-preview:large","max-video-preview":"max-video-preview:-1"},"canonical":"https:\/\/rightchallenge.org\/en\/advocate4environment\/","og_locale":"en_GB","og_type":"article","og_title":"Advocate 4 Environment - Rightchallenge","og_description":"O projeto \"Advocate4Environment\" visa promover a participa\u00e7\u00e3o dos jovens no trabalho volunt\u00e1rio e na defesa de quest\u00f5es ambientais. O projeto pretende atingir este objetivo atrav\u00e9s do desenvolvimento de materiais did\u00e1cticos que (a) d\u00e3o uma vis\u00e3o da hist\u00f3ria da defesa do ambiente e (b) fornecem aos jovens fontes de inspira\u00e7\u00e3o e ferramentas para desenvolver novas formas [&hellip;]","og_url":"https:\/\/rightchallenge.org\/en\/advocate4environment\/","og_site_name":"Rightchallenge","article_modified_time":"2023-08-09T15:09:13+00:00","twitter_card":"summary_large_image","twitter_misc":{"Estimated reading time":"2 minutes"},"schema":{"@context":"https:\/\/schema.org","@graph":[{"@type":"WebPage","@id":"https:\/\/rightchallenge.org\/advocate4environment\/","url":"https:\/\/rightchallenge.org\/advocate4environment\/","name":"Advocate 4 Environment - Rightchallenge","isPartOf":{"@id":"https:\/\/rightchallenge.org\/#website"},"datePublished":"2023-06-26T11:30:13+00:00","dateModified":"2023-08-09T15:09:13+00:00","breadcrumb":{"@id":"https:\/\/rightchallenge.org\/advocate4environment\/#breadcrumb"},"inLanguage":"en-GB","potentialAction":[{"@type":"ReadAction","target":["https:\/\/rightchallenge.org\/advocate4environment\/"]}]},{"@type":"BreadcrumbList","@id":"https:\/\/rightchallenge.org\/advocate4environment\/#breadcrumb","itemListElement":[{"@type":"ListItem","position":1,"name":"In\u00edcio","item":"https:\/\/rightchallenge.org\/"},{"@type":"ListItem","position":2,"name":"Advocate 4 Environment"}]},{"@type":"WebSite","@id":"https:\/\/rightchallenge.org\/#website","url":"https:\/\/rightchallenge.org\/","name":"Rightchallenge","description":"Associa\u00e7\u00e3o","potentialAction":[{"@type":"SearchAction","target":{"@type":"EntryPoint","urlTemplate":"https:\/\/rightchallenge.org\/?s={search_term_string}"},"query-input":{"@type":"PropertyValueSpecification","valueRequired":true,"valueName":"search_term_string"}}],"inLanguage":"en-GB"}]}},"_links":{"self":[{"href":"https:\/\/rightchallenge.org\/en\/wp-json\/wp\/v2\/pages\/2944","targetHints":{"allow":["GET"]}}],"collection":[{"href":"https:\/\/rightchallenge.org\/en\/wp-json\/wp\/v2\/pages"}],"about":[{"href":"https:\/\/rightchallenge.org\/en\/wp-json\/wp\/v2\/types\/page"}],"author":[{"embeddable":true,"href":"https:\/\/rightchallenge.org\/en\/wp-json\/wp\/v2\/users\/2"}],"replies":[{"embeddable":true,"href":"https:\/\/rightchallenge.org\/en\/wp-json\/wp\/v2\/comments?post=2944"}],"version-history":[{"count":4,"href":"https:\/\/rightchallenge.org\/en\/wp-json\/wp\/v2\/pages\/2944\/revisions"}],"predecessor-version":[{"id":3407,"href":"https:\/\/rightchallenge.org\/en\/wp-json\/wp\/v2\/pages\/2944\/revisions\/3407"}],"wp:attachment":[{"href":"https:\/\/rightchallenge.org\/en\/wp-json\/wp\/v2\/media?parent=2944"}],"curies":[{"name":"wp","href":"https:\/\/api.w.org\/{rel}","templated":true}]}}